{"id":1291,"date":"2020-03-09T23:31:28","date_gmt":"2020-03-09T22:31:28","guid":{"rendered":"http:\/\/draude.de\/tischlerei\/?page_id=1291"},"modified":"2020-10-02T11:47:09","modified_gmt":"2020-10-02T09:47:09","slug":"fenster","status":"publish","type":"page","link":"https:\/\/draude.de\/tischlerei\/produkte\/fenster\/","title":{"rendered":"Fenster"},"content":{"rendered":"<section class=\"kc-elm kc-css-213259 kc_row\"><div class=\"kc-row-container  kc-container\"><div class=\"kc-wrap-columns\"><div class=\"kc-elm kc-css-553273 kc_col-sm-12 kc_column kc_col-sm-12\"><div class=\"kc-col-container\"><div class=\"kc-elm kc-css-74016 kc_row kc_row_inner\"><div class=\"kc-elm kc-css-44163 kc_col-sm-8 kc_column_inner kc_col-sm-8\"><div class=\"kc_wrapper kc-col-inner-container\"><div class=\"kc-elm kc-css-348889\">\n\t<div class=\"kc-carousel_images kc-elm kc-css-348889\">\n\t\n\t\t<div class=\"kc-carousel-images owl-carousel-images kc-sync1  owl-nav-arrow\" data-owl-i-options='{\"items\":\"1\",\"tablet\":\"1\",\"mobile\":\"1\",\"speed\":\"500\",\"navigation\":\"yes\",\"pagination\":\"\",\"autoheight\":\"\",\"progressbar\":\"\",\"delay\":\"8\",\"autoplay\":\"yes\",\"showthumb\":\"\",\"num_thumb\":\"5\"}'>\n\t\n\t\t\t\t\t<div class=\"item\">\n\t\n\t\t\t\t\t\t\t<img decoding=\"async\" src=\"https:\/\/draude.de\/tischlerei\/wp-content\/uploads\/sites\/2\/2020\/05\/draude_fenster_und_beschattungssysteme1.jpg\"  alt=\"\"\/>\n\t\n\t\t\t\t\n\t\t\t<\/div>\n\t\n\t\t\t\t\t<div class=\"item\">\n\t\n\t\t\t\t\t\t\t<img decoding=\"async\" src=\"https:\/\/draude.de\/tischlerei\/wp-content\/uploads\/sites\/2\/2020\/05\/draude_fenster_und_beschattungssysteme5.jpg\"  alt=\"\"\/>\n\t\n\t\t\t\t\n\t\t\t<\/div>\n\t\n\t\t\t\t\t<div class=\"item\">\n\t\n\t\t\t\t\t\t\t<img decoding=\"async\" src=\"https:\/\/draude.de\/tischlerei\/wp-content\/uploads\/sites\/2\/2020\/02\/draude_beschattungssysteme2.jpg\"  alt=\"\"\/>\n\t\n\t\t\t\t\n\t\t\t<\/div>\n\t\n\t\t\t\t\t<div class=\"item\">\n\t\n\t\t\t\t\t\t\t<img decoding=\"async\" src=\"https:\/\/draude.de\/tischlerei\/wp-content\/uploads\/sites\/2\/2020\/05\/draude_fenster_und_beschattungssysteme4.jpg\"  alt=\"\"\/>\n\t\n\t\t\t\t\n\t\t\t<\/div>\n\t\n\t\t\t\t\t<div class=\"item\">\n\t\n\t\t\t\t\t\t\t<img decoding=\"async\" src=\"https:\/\/draude.de\/tischlerei\/wp-content\/uploads\/sites\/2\/2020\/05\/draude_fenster_und_beschattungssysteme6.jpg\"  alt=\"\"\/>\n\t\n\t\t\t\t\n\t\t\t<\/div>\n\t\n\t\t\t\t\t<div class=\"item\">\n\t\n\t\t\t\t\t\t\t<img decoding=\"async\" src=\"https:\/\/draude.de\/tischlerei\/wp-content\/uploads\/sites\/2\/2020\/02\/draude_beschattungssysteme.jpg\"  alt=\"\"\/>\n\t\n\t\t\t\t\n\t\t\t<\/div>\n\t\n\t\t\t\t\t<div class=\"item\">\n\t\n\t\t\t\t\t\t\t<img decoding=\"async\" src=\"https:\/\/draude.de\/tischlerei\/wp-content\/uploads\/sites\/2\/2020\/05\/draude_fenster_und_beschattungssysteme3.jpg\"  alt=\"\"\/>\n\t\n\t\t\t\t\n\t\t\t<\/div>\n\t\n\t\t\t\t\t<div class=\"item\">\n\t\n\t\t\t\t\t\t\t<img decoding=\"async\" src=\"https:\/\/draude.de\/tischlerei\/wp-content\/uploads\/sites\/2\/2020\/05\/draude_fenster_und_beschattungssysteme2.jpg\"  alt=\"\"\/>\n\t\n\t\t\t\t\n\t\t\t<\/div>\n\t\n\t\t\t\n\t\t<\/div>\n\t\n\t\t\t<\/div>\n<\/div>\n<\/div><\/div><div class=\"kc-elm kc-css-398384 kc_col-sm-4 kc_column_inner kc_col-sm-4 produkte-liste\"><div class=\"kc_wrapper kc-col-inner-container\"><div class=\"kc-elm kc-css-461630 kc_text_block produkte-liste\"><\/p>\n<ul>\n<li><a href=\"#holz-aluminium-fenster\">Holz-Aluminium-Fenster<\/a><\/li>\n<li><a href=\"#holz-fenster\">Holz-Fenster<\/a><\/li>\n<li><a href=\"#aluminium-fenster\">Aluminium-Fenster<\/a><\/li>\n<li><a href=\"#kunststoff-fenster\">Kunststofffenster<\/a><\/li>\n<li><a href=\"#dach-flaechen-fenster\">Dach(fl\u00e4chen)fenster<\/a><\/li>\n<li><a href=\"#wintergaerten\">Winterg\u00e4rten<\/a><\/li>\n<li><a href=\"#terrassenueberdachung\">Terrassen\u00fcberdachung<\/a><\/li>\n<li><a href=\"#sommergarten\">Sommergarten<\/a><\/li>\n<li><a href=\"#beschattungssysteme\">Beschattungssysteme | Sichtschutz<\/a><\/li>\n<li><a href=\"#insektenschutz\">Insektenschutz<\/a><\/li>\n<\/ul>\n<p>\n<\/div><\/div><\/div><\/div><div id=\"fenster\" class=\"kc-elm kc-css-668985 kc_row kc_row_inner\"><div class=\"kc-elm kc-css-430722 kc_col-sm-12 kc_column_inner kc_col-sm-12\"><div class=\"kc_wrapper kc-col-inner-container\">\n<div class=\"kc-elm kc-css-654558 kc-title-wrap \">\n\n\t<h1 class=\"kc_title\">Fenster<\/h1>\n<\/div>\n<div class=\"kc-elm kc-css-433151 kc_text_block\"><\/p>\n<p>Klassisch, modern und extravagant, schnell wird klar, \u2026 dem individuellen Fenster nach Ma\u00df sind (fast) keine Grenzen gesetzt. Unterschiedliche Fensterformen und Verglasungen kombiniert mit zahlreichen Funktionen finden Ihre Definition in Architektur und pers\u00f6nlichem Geschmack.<\/p>\n<p>Es bietet sich eine nahezu grenzenlose Auswahl: Ausgehend von der jeweiligen Bauweise, dem Einsatzort sowie der gew\u00fcnschten Funktion k\u00f6nnen Fenster in unterschiedliche Kategorien eingeteilt werden. H\u00e4ufig genutzte Unterscheidungsmerkmale sind: der Einsatzort und \u2013zweck, die \u00d6ffnungsweise, das Material sowie die Fensterelemente an sich.<\/p>\n<p>\n<\/div><\/div><\/div><\/div><div class=\"kc-elm kc-css-470787 kc_row kc_row_inner\"><div class=\"kc-elm kc-css-588841 kc_col-sm-6 kc_column_inner kc_col-sm-6\"><div class=\"kc_wrapper kc-col-inner-container\"><div class=\"kc-elm kc-css-547027 kc_text_block\"><\/p>\n<p><strong>Anspruch und Zeitgeist:<\/strong> Mittlerweile haben sich Elemente und Formen durchgesetzt, die vor wenigen Jahrzehnten noch unvorstellbar gewesen w\u00e4ren. Neben der gew\u00fcnschten Optik (Aussehen, Form) und dem Aufbau (Statik) der Elemente bieten wir Ihnen eine fundierte Beratung aktueller Vorschriften wie z.B. der EnEV (einzuhaltende W\u00e4rmed\u00e4mmwerte, Dreifachverglasung etc.) sowie in puncto Sicherheit.<\/p>\n<p><strong>Kleines FensterABC:<\/strong> Je nach dem Einsatzort und Zweck werden folgende Unterscheidungen getroffen: Au\u00dfenfenster, Fenstert\u00fcr, Dachfenster, Innenfenster, Badfenster, Keller- oder Schachtfenster, sowie die Benennung nach ihren Sonderfunktionen (Brandschutzt\u00fcr, nach Auflagen eines Passivhauses, Auflagen des W\u00e4rme- oder Sicherheitsschutzes).<\/p>\n<p>\n<\/div><\/div><\/div><div class=\"kc-elm kc-css-793564 kc_col-sm-6 kc_column_inner kc_col-sm-6\"><div class=\"kc_wrapper kc-col-inner-container\"><div class=\"kc-elm kc-css-325362 kc_text_block\"><\/p>\n<p>Energieeffizienz\/Sicherheit von Bauteilen \u2013 mehr denn je stehen heute die Energieeffizienz und Sicherheit von Bauteilen an vorderster Stelle. So gilt es f\u00fcr Rahmenteile und Verglasung die Vorgaben der Isolierung der EnEV zu erf\u00fcllen.<\/p>\n<p>Unterscheidung nach \u00d6ffnungsweise\/Fenstertyp: Festverglasung, Drehfenster, Kippfenster, Dreh-Kipp-Fenster, Wendefenster, Schwingfl\u00fcgelfenster, Schiebefenster, Ausstiegsfenster.<\/p>\n<p>Eine weitere Unterscheidung erfolgt auf der Ebene des verwendeten Materials: Die Einteilung bezieht sich auf das Material f\u00fcr die Fensterprofile und Fensterrahmen. Es werden unterschieden: Holzfenster, Holz-Aluminium-Fenster, Aluminiumfenster, Kunststofffenster.<\/p>\n<p>\n<\/div><\/div><\/div><\/div>\n<div class=\"kc-elm kc-css-580826 divider_line\">\n\t<div class=\"divider_inner divider_line1\">\n\t\t\t<\/div>\n<\/div>\n<div id=\"holz-aluminium-fenster\" class=\"kc-elm kc-css-568734 kc_row kc_row_inner\"><div class=\"kc-elm kc-css-27904 kc_col-sm-12 kc_column_inner kc_col-sm-12\"><div class=\"kc_wrapper kc-col-inner-container\">\n<div class=\"kc-elm kc-css-888644 kc-title-wrap \">\n\n\t<h2 class=\"kc_title\">Holz-Aluminium-Fenster<\/h2>\n<\/div>\n<\/div><\/div><\/div><div class=\"kc-elm kc-css-98026 kc_row kc_row_inner\"><div class=\"kc-elm kc-css-102320 kc_col-sm-6 kc_column_inner kc_col-sm-6\"><div class=\"kc_wrapper kc-col-inner-container\"><div class=\"kc-elm kc-css-397507 kc_text_block\"><\/p>\n<p>Das Holz-Aluminium-Fenster wird zu Recht gern als DAS Fenstersystem der Premiumqualit\u00e4t beschrieben. Es besticht durch edle H\u00f6lzer in formsch\u00f6nem Design und behaglicher W\u00e4rme im Innenbereich und \u00fcberzeugt zugleich durch seine witterungsfeste und unempfindliche Aluminium-Au\u00dfenhaut. Ein konstruktionell zum Einsatz kommende Doppelrahmen erm\u00f6glicht es, einen erh\u00f6hten und somit energiesparenderen Verglasungsaufbau zu w\u00e4hlen. Dar\u00fcber hinaus werden die akustischen Eigenschaften und die W\u00e4rmedurchl\u00e4ssigkeit positiv beeinflusst.<\/p>\n<p>\n<\/div><\/div><\/div><div class=\"kc-elm kc-css-820027 kc_col-sm-6 kc_column_inner kc_col-sm-6\"><div class=\"kc_wrapper kc-col-inner-container\"><div class=\"kc-elm kc-css-73697 kc_text_block\"><\/p>\n<ul>\n<li>innen I Holz: harmonisch, behaglich, w\u00e4rmend, gem\u00fctlich<\/li>\n<li>au\u00dfen I Aluminium: extrem witterungsbest\u00e4ndig, sehr pflegeleicht, Beschichtung werksseitig in nahezu jeder RALFarbe bestellbar<\/li>\n<li>hohe Energieeffizienz<\/li>\n<li>geringe W\u00e4rmedurchl\u00e4ssigkeit<\/li>\n<li>akustisch I hoher Schallschutz<\/li>\n<li>statisch I hohe Belastungsf\u00e4higkeit<\/li>\n<\/ul>\n<p>\n<\/div><\/div><\/div><\/div>\n<div class=\"kc-elm kc-css-35573 divider_line\">\n\t<div class=\"divider_inner divider_line1\">\n\t\t\t<\/div>\n<\/div>\n<div id=\"holz-fenster\" class=\"kc-elm kc-css-223112 kc_row kc_row_inner\"><div class=\"kc-elm kc-css-816395 kc_col-sm-12 kc_column_inner kc_col-sm-12\"><div class=\"kc_wrapper kc-col-inner-container\">\n<div class=\"kc-elm kc-css-66904 kc-title-wrap \">\n\n\t<h2 class=\"kc_title\">Holzfenster<\/h2>\n<\/div>\n<\/div><\/div><\/div><div class=\"kc-elm kc-css-85327 kc_row kc_row_inner\"><div class=\"kc-elm kc-css-697022 kc_col-sm-6 kc_column_inner kc_col-sm-6\"><div class=\"kc_wrapper kc-col-inner-container\"><div class=\"kc-elm kc-css-312264 kc_text_block\"><\/p>\n<p>Die Holzwerkstoffe z\u00e4hlen zu den \u00e4ltesten Rahmenwerkstoffen im Fensterbau. Hierzu eignen sich besonders nachwachsende Rohstoff der Holzarten Eiche, Fichte, Kiefer, L\u00e4rche, Tanne oder Meranti.<\/p>\n<p>Zu beachten: Holz ist ein organischer Werkstoff und unterliegt somit seinem charakteristischen Alterungsprozess sowie dem freundlichen Wunsch nach regelm\u00e4\u00dfiger Pflege. Zum Erhalt einer langen Lebensdauer werden die Holzelemente zum abschlie\u00dfenden Produktionsprozess durch Ma\u00dfnahmen der Impr\u00e4gnierung und umweltfreundlicher Lackschicht erstmals konserviert.<\/p>\n<p>Aufgrund der Maserungen sorgt die Einzigartigkeit der Fensterelemente f\u00fcr eine gem\u00fctliches Flair im Innen- und Au\u00dfenbereich bei hoher W\u00e4rmeisolation.<\/p>\n<p>\n<\/div><\/div><\/div><div class=\"kc-elm kc-css-260184 kc_col-sm-6 kc_column_inner kc_col-sm-6\"><div class=\"kc_wrapper kc-col-inner-container\"><div class=\"kc-elm kc-css-824373 kc_text_block\"><\/p>\n<ul>\n<li>Naturprodukt \u2013 nachwachsender Rohstoff<\/li>\n<li>sehr gute Energieeffizienz<\/li>\n<li>sehr guter Einbruchschutz<\/li>\n<li>hochwertige Isolierverglasung<\/li>\n<li>weisen bei guter Pflege eine lange Lebensdauer auf<\/li>\n<li>erh\u00e4ltlich in zahlreichen Farben und Maserungen<\/li>\n<li>\u00f6konomisch: geringe Energiemenge zur Fertigung<\/li>\n<li>Einsatz im Bereich des Denkmalschutzes<\/li>\n<\/ul>\n<p>\n<\/div><\/div><\/div><\/div>\n<div class=\"kc-elm kc-css-490833 divider_line\">\n\t<div class=\"divider_inner divider_line1\">\n\t\t\t<\/div>\n<\/div>\n<div id=\"aluminium-fenster\" class=\"kc-elm kc-css-245768 kc_row kc_row_inner\"><div class=\"kc-elm kc-css-875962 kc_col-sm-12 kc_column_inner kc_col-sm-12\"><div class=\"kc_wrapper kc-col-inner-container\">\n<div class=\"kc-elm kc-css-921545 kc-title-wrap \">\n\n\t<h2 class=\"kc_title\">Aluminiumfenster<\/h2>\n<\/div>\n<\/div><\/div><\/div><div class=\"kc-elm kc-css-846410 kc_row kc_row_inner\"><div class=\"kc-elm kc-css-207782 kc_col-sm-6 kc_column_inner kc_col-sm-6\"><div class=\"kc_wrapper kc-col-inner-container\"><\/div><\/div><div class=\"kc-elm kc-css-365487 kc_col-sm-6 kc_column_inner kc_col-sm-6\"><div class=\"kc_wrapper kc-col-inner-container\"><\/div><\/div><\/div><div class=\"kc-elm kc-css-108961 kc_row kc_row_inner\"><div class=\"kc-elm kc-css-574423 kc_col-sm-12 kc_column_inner kc_col-sm-12\"><div class=\"kc_wrapper kc-col-inner-container\">\n<div class=\"kc-elm kc-css-611554 kc-title-wrap \">\n\n\t<h3 class=\"kc_title\">Produkt(beispiel) \u2013 Drutex MB-86SI<\/h3>\n<\/div>\n<\/div><\/div><\/div><div class=\"kc-elm kc-css-215906 kc_row kc_row_inner\"><div class=\"kc-elm kc-css-250660 kc_col-sm-6 kc_column_inner kc_col-sm-6\"><div class=\"kc_wrapper kc-col-inner-container\"><div class=\"kc-elm kc-css-76464 kc_text_block\"><\/p>\n<p style=\"text-align: left;\">Das moderne Aluminiumsystem f\u00fcr anspruchsvolle w\u00e4rme- und schallged\u00e4mpfte Architektur! Ein Produktbeispiel unseres Kooperationspartners Drutex \u2013 das Aluminiumfenster MB-86SI \u2013 es \u00fcberzeugt durch hervorragende Eigenschaften, technische Daten und ist in Sachen Baubudget absolut interessant.<\/p>\n<p style=\"text-align: left;\"><strong>Eigenschaften:<\/strong><\/p>\n<ul>\n<li style=\"text-align: left;\">Die mit dem System MB-86SI konstruierten Fenster k\u00f6nnen sowohl f\u00fcr einen individuellen Einbau als auch f\u00fcr Aluminiumfassaden verwendet werden.<\/li>\n<li style=\"text-align: left;\">h\u00f6here W\u00e4rmed\u00e4mmung durch breiten thermischen Abstandhalter<\/li>\n<li style=\"text-align: left;\">sehr guter W\u00e4rmedurchgangskoeffizienten dank Anwendung von W\u00e4rme-Zwischenlagen<\/li>\n<li style=\"text-align: left;\">gro\u00dfe Auswahl an Farben in der Standardpalette<\/li>\n<li style=\"text-align: left;\">die Form der Profile erm\u00f6glicht es, schlanke und best\u00e4ndige Fenster und T\u00fcren herzustellen<\/li>\n<li style=\"text-align: left;\">hohe Dichtigkeit durch Verwendung von speziellen Dichtungen aus dem Zweikomponenten-Synthesekautschuk EPDM, der eine Alterungsbest\u00e4ndigkeit w\u00e4hrend dem langfristen Betrieb und eine sehr gute W\u00e4rmed\u00e4mmung garantiert<\/li>\n<li style=\"text-align: left;\">gro\u00dfe Auswahl der Einbaust\u00e4rke garantiert die Anwendung aller Standard- und kundenspezifischen Scheiben<\/li>\n<\/ul>\n<p>\n<\/div><\/div><\/div><div class=\"kc-elm kc-css-254554 kc_col-sm-6 kc_column_inner kc_col-sm-6\"><div class=\"kc_wrapper kc-col-inner-container\"><div class=\"kc-elm kc-css-167660 kc_text_block\"><\/p>\n<p style=\"text-align: left;\"><strong>Technische Daten:<\/strong><\/p>\n<ul>\n<li style=\"text-align: left;\">Dichtungen: Verglasungs- und anliegende Dichtungen aus EPDM, Mitteldichtung aus Zweikomponenten-Synthesekautschuk EPDM (fest- und gesch\u00e4umt)<\/li>\n<li style=\"text-align: left;\">Abstandhalter: im Standard ein verzinkter Stahlglasverbund, optional sind ein Swisspacer-Ultimate-Verbund sowie eine Vielzahl von Farben erh\u00e4ltlich<\/li>\n<li style=\"text-align: left;\">Farbgebung: gem. der RAL Palette und holz\u00e4hnlichen Furnieren der AluprofColorCollection<\/li>\n<li style=\"text-align: left;\">Beschl\u00e4ge: MACO multi matic KS, im Standard zwei einbruchsichere Pilzzapfen, Fehlbediensperre und ein Fl\u00fcgelheber, Mikroventilation bei Querlage des Griffs<\/li>\n<li style=\"text-align: left;\">Glas: Zur Verf\u00fcgung stehen Verglasungs-Scheibenpakete bis zu 65mm, als Standard gilt eine Einzelkammer-Verglasungseinheit mit W\u00e4rmedurchgangskoeffizient Ug = 1,0 W\/(m2K) gem. PN-EN674, M\u00f6glichkeit der Verwendung eines 3-Scheiben-Pakets mit einem Koeffizienten von U = 0,5 W\/(m2K) oder eines 4-Scheiben-Pakets mit Krypton-F\u00fcllung und einem Koeffizienten von Ug = 0,3 W\/(m2K); M\u00f6glichkeit der Verwendung von Glas mit erh\u00f6hter Schalld\u00e4mmung, geh\u00e4rtetem Glas, einbruchsicheren Fenstern, Glas mit Ornamenten oder Sonnenschutz<\/li>\n<li style=\"text-align: left;\">Profil: Die Systemprofile haben eine 3-Kammer-Struktur mit einer Konstruktionstiefe der Rahmenprofile von 77mm, mit thermischer Trennung aus mit Glasfasern verst\u00e4rktem Polyamid<\/li>\n<\/ul>\n<p>\n<\/div><\/div><\/div><\/div>\n<div class=\"kc-elm kc-css-771111 divider_line\">\n\t<div class=\"divider_inner divider_line1\">\n\t\t\t<\/div>\n<\/div>\n<div id=\"kunststoff-fenster\" class=\"kc-elm kc-css-465314 kc_row kc_row_inner\"><div class=\"kc-elm kc-css-44691 kc_col-sm-12 kc_column_inner kc_col-sm-12\"><div class=\"kc_wrapper kc-col-inner-container\">\n<div class=\"kc-elm kc-css-92716 kc-title-wrap \">\n\n\t<h2 class=\"kc_title\">Kunststofffenster<\/h2>\n<\/div>\n<\/div><\/div><\/div><div class=\"kc-elm kc-css-609743 kc_row kc_row_inner\"><div class=\"kc-elm kc-css-337482 kc_col-sm-6 kc_column_inner kc_col-sm-6\"><div class=\"kc_wrapper kc-col-inner-container\"><div class=\"kc-elm kc-css-594963 kc_text_block\"><\/p>\n<p>Seit mittlerweile rund 60 Jahren kommen thermoplastische Kunststoffprofile auf der Basis von PVC f\u00fcr den Fensterbau zum Einsatz \u2013 seitdem werden sie stetig weiterentwickelt. Die Profilgestaltung des Kunststofffensters ist entscheidend f\u00fcr die bauphysikalischen Eigenschaften \u2013 \u2026 Mehrkammersysteme stehen f\u00fcr hohe Festigkeit und Statik bei optimaler W\u00e4rmeisolation, standardm\u00e4\u00dfig werden Mehrkammersysteme (F\u00fcnfkammersysteme) verbaut.<\/p>\n<p>\n<\/div><\/div><\/div><div class=\"kc-elm kc-css-430894 kc_col-sm-6 kc_column_inner kc_col-sm-6\"><div class=\"kc_wrapper kc-col-inner-container\"><div class=\"kc-elm kc-css-409466 kc_text_block\"><\/p>\n<ul>\n<li>beste W\u00e4rmed\u00e4mmeigenschaften durch Kammerprofile<\/li>\n<li>optimaler Einbruchschutz<\/li>\n<li>bestes Preis-Leistungsverh\u00e4ltnis<\/li>\n<li>wetterbest\u00e4ndig<\/li>\n<li>energieeffizient<\/li>\n<li>Schallschutz<\/li>\n<li>Einbruchschutz \u2013 Verst\u00e4rkungskammern im Rahmen und Fl\u00fcgel<\/li>\n<li>Verwendung von recyclebaren Materialien<\/li>\n<li>in zahlreichen (Sonder-) Formen erh\u00e4ltlich<\/li>\n<\/ul>\n<p>\n<\/div><\/div><\/div><\/div><div class=\"kc-elm kc-css-325146 kc_row kc_row_inner\"><div class=\"kc-elm kc-css-626408 kc_col-sm-12 kc_column_inner kc_col-sm-12\"><div class=\"kc_wrapper kc-col-inner-container\">\n<div class=\"kc-elm kc-css-614228 kc-title-wrap \">\n\n\t<h3 class=\"kc_title\">Produkt(beispiel) \u2013 Drutex IGLO Energy Classic<\/h3>\n<\/div>\n<\/div><\/div><\/div><div class=\"kc-elm kc-css-900811 kc_row kc_row_inner\"><div class=\"kc-elm kc-css-772915 kc_col-sm-6 kc_column_inner kc_col-sm-6\"><div class=\"kc_wrapper kc-col-inner-container\"><div class=\"kc-elm kc-css-851309 kc_text_block\"><\/p>\n<p>Modernes Design, innovative Technik und hohe Energieeffizienz \u2013 f\u00fcr noch geringere Heizkosten! Ein Produktbeispiel unseres Kooperationspartners Drutex \u2013 das Kunststofffenster IGLO Energy Classic \u2013 es \u00fcberzeugt durch hervorragende Eigenschaften, technische Daten und ist in Sachen Baubudget absolut interessant.<\/p>\n<p><strong>Eigenschaften:<\/strong><\/p>\n<ul>\n<li>Energieersparnis durch optimierte Konstruktion des Profils, spezifisches Dichtungssystem aus gesch\u00e4umten EPDM und Verbundglas mit niedrigem W\u00e4rmedurchgangskoeffizient<\/li>\n<li>modernes Design durch schmale, abgerundete Profilform<\/li>\n<li>hoher Sicherheitsgrad, gew\u00e4hrleistet durch zwei Einbruchsicherungszapfen im Standard<\/li>\n<li>reiche Farbgebung<\/li>\n<li>gute Schalld\u00e4mmung sorgt f\u00fcr akustischen Komfort auch bei intensivem Stra\u00dfenl\u00e4rm<\/li>\n<li>hervorragende Parameter in puncto Schlagregendichtigkeit und Luftdurchl\u00e4ssigkeit dank dreifacher Dichtung<\/li>\n<li>perfekte Widerstandsf\u00e4higkeit gegen Windlast durch optimale Verst\u00e4rkung<\/li>\n<li>M\u00f6glichkeit der Ausf\u00fchrung in V-Perfect-Technologie f\u00fcr d\u00fcnne Schwei\u00dfn\u00e4hte, die eine ideale Verbindung der Profile, eine deutlich bessere Andruck- und Schwei\u00dfnahtkontrolle und damit sehr gute Parameter bei Tests zur \u00dcberpr\u00fcfung der Eckfestigkeit gew\u00e4hrleistet.<\/li>\n<\/ul>\n<p>\n<\/div><\/div><\/div><div class=\"kc-elm kc-css-638721 kc_col-sm-6 kc_column_inner kc_col-sm-6\"><div class=\"kc_wrapper kc-col-inner-container\"><div class=\"kc-elm kc-css-741293 kc_text_block\"><\/p>\n<p><strong>Technische Daten:<\/strong><\/p>\n<ul>\n<li>Dichtungen: Das Fenster wird mit 3-facher Dichtung versehen \u2013 aussen und innen aus EPDM, Zentraldichtung aus gesch\u00e4umten EPDM. Die \u00e4u\u00dferen und inneren Dichtungen sind in schwarz oder grau erh\u00e4ltlich.<\/li>\n<li>Farbgebung: Renolit-Folien in Farben auf wei\u00dfem oder br\u00e4unlichem Profil<\/li>\n<li>Schalld\u00e4mmung: Rw= 35-46 dB (je nach eingesetztem Glaspaket)<\/li>\n<li>Profil: 7-Kammerprofil, Rahmen und Fl\u00fcgel gefertigt ausschlie\u00dflich aus Prim\u00e4rrohstoff, Klasse A, Einbautiefe 82mm<\/li>\n<li>Glas: Verglasungsst\u00e4rke bis 48mm \u2013 Standardausf\u00fchrung: Glaspaket 4\/18\/4\/18\/4 mit einem W\u00e4rmedurchgangskoeffizient Ug = 0,5W\/(m2K). Einsatz eines Vierscheibenpakets mit Ug = 0,3 W\/(m2K) auf Wunsch Einsatz von speziellen Glasarten: f\u00fcr die gr\u00f6\u00dfere Schalld\u00e4mmung, geh\u00e4rtet, Sicherheits-, Einbruchhemmungs-, Zier- und Sonnschutzglas.<\/li>\n<li>Verst\u00e4rkungen: In Standardausf\u00fchrung werden der Rahmen und der Fl\u00fcgel mit einem C-Profil verst\u00e4rkt. Optional kann der Rahmen mit einem geschlossenen Profil verst\u00e4rkt werden. Bei dieser Rahmenverst\u00e4rkung werden die Einbruchsicherungszapfen an die Stahlverst\u00e4rkung montiert.<\/li>\n<li>Beschl\u00e4ge: MACO multi matic KS mit zwei Einbruchsicherungszapfen in Standardausf\u00fchrung; Beschichtung in Silberlook, optional verdeckte Scharniere in der Einkerbund des Beschlags sowie L\u00f6sungen in der Einbruchschutzklasse RC2 und RC 2N, ausgestattet mit einer Fehlbedienungssperre des Fenstergriffs und des Fl\u00fcgelhebers<\/li>\n<li>Abstandhalter: aus verzinktem Stahl, optional Swisspacer ultimate in verschiedenen Farben<\/li>\n<\/ul>\n<p>\n<\/div><\/div><\/div><\/div>\n<div class=\"kc-elm kc-css-641799 divider_line\">\n\t<div class=\"divider_inner divider_line1\">\n\t\t\t<\/div>\n<\/div>\n<div id=\"dach-flaechen-fenster\" class=\"kc-elm kc-css-272131 kc_row kc_row_inner\"><div class=\"kc-elm kc-css-192111 kc_col-sm-12 kc_column_inner kc_col-sm-12\"><div class=\"kc_wrapper kc-col-inner-container\">\n<div class=\"kc-elm kc-css-554619 kc-title-wrap \">\n\n\t<h2 class=\"kc_title\">Dach(fl\u00e4chen)fenster<\/h2>\n<\/div>\n<\/div><\/div><\/div><div class=\"kc-elm kc-css-396071 kc_row kc_row_inner\"><div class=\"kc-elm kc-css-579853 kc_col-sm-6 kc_column_inner kc_col-sm-6\"><div class=\"kc_wrapper kc-col-inner-container\"><div class=\"kc-elm kc-css-603658 kc_text_block\"><\/p>\n<p>Das haben Sie sich verdient! Genie\u00dfen Sie frische Luft und vieeeel Licht in Ihrer Dachetage.<\/p>\n<p><strong>Zuvor ein paar vorbereitende Fragen:<\/strong><\/p>\n<ol>\n<li>Erf\u00fcllt die vorhandene Dachkonstruktion die notwendige Tragf\u00e4higkeit der gew\u00fcnschten Fensterform? \u2013 Frage an Architekten, Bauleiter, Statiker, Zimmermann, Dachdecker.<\/li>\n<li>Vor dem Einbau lassen Sie sich vom Fachmann beraten, ob ggf. die Wandverkleidung \/ Dachd\u00e4mmung um das Fenster herum \u00fcberarbeitet oder angepasst werden muss?<\/li>\n<li>M\u00f6chten Sie sich den passenden Sonnenschutz, Sichtschutz, Insektenschutz oder dekorative Sonderl\u00f6sungen f\u00fcr Fensterb\u00e4nke vom Fachmann mit anbieten lassen?<\/li>\n<\/ol>\n<p><strong>Dachfenster f\u00fcr geneigte D\u00e4cher:<\/strong><\/p>\n<ul>\n<li>Hochschwingfenster &#8211; Kombination aus Schwing- und Klappschwingfenster- der Drehpunkt befindet sich im oberen Drittel des Rahmen, die Au\u00dfenscheibe ist einfach zu reinigen<\/li>\n<li>Dachausstiegsfenster, lassen sich besonders weit \u00f6ffnen, dienen als Notausstieg oder als Zugang f\u00fcr den Schornsteinfeger<\/li>\n<li>balkon\u00e4hnliche Dachaustritte \u2013 Aufwertung des Wohnraumes im Bereich der Dachschr\u00e4ge ohne Balkon<\/li>\n<\/ul>\n<p>\n<\/div><\/div><\/div><div class=\"kc-elm kc-css-754874 kc_col-sm-6 kc_column_inner kc_col-sm-6\"><div class=\"kc_wrapper kc-col-inner-container\"><div class=\"kc-elm kc-css-193337 kc_text_block\"><\/p>\n<p><strong>Flachdachfenster:<\/strong><\/p>\n<ul>\n<li>Lichtband \u2013 Bezeichnung f\u00fcr ein zweigeteiltes Flachdachfenster, es erm\u00f6glicht besonders viel Tageslicht im Obergeschoss<\/li>\n<li>Lichtkuppel \u2013 vielf\u00e4ltige Auswahl \u00a0Ausstattungsart: Glas oder Kunststoff in verschiedenen St\u00e4rken und Qualit\u00e4tsstufen\n<ul>\n<li>W\u00f6lbung:\u00a0Ein Dachfenster mit gebogener Verglasung sorgt daf\u00fcr, dass mehr Licht ins Innere f\u00e4llt und das Regenwasser besser abflie\u00dfen kann.<\/li>\n<li>\u00d6ffnung und Ausstieg: Sollen die R\u00e4ume \u00fcber den Lichtkuppel ge\u00f6ffnet und somit gel\u00fcftet werden k\u00f6nnen? Soll ein Ausstieg f\u00fcr Wartungsarbeiten erm\u00f6glicht werden k\u00f6nnen?<\/li>\n<li>Steuerungsarten: manuelle oder elektrische \u00d6ffnung, automatische Steuerung via Sensoren und Timer<\/li>\n<\/ul>\n<\/li>\n<\/ul>\n<p>\n<\/div><\/div><\/div><\/div>\n<div class=\"kc-elm kc-css-314504 divider_line\">\n\t<div class=\"divider_inner divider_line1\">\n\t\t\t<\/div>\n<\/div>\n<div id=\"wintergaerten\" class=\"kc-elm kc-css-214441 kc_row kc_row_inner\"><div class=\"kc-elm kc-css-787226 kc_col-sm-12 kc_column_inner kc_col-sm-12\"><div class=\"kc_wrapper kc-col-inner-container\">\n<div class=\"kc-elm kc-css-897760 kc-title-wrap \">\n\n\t<h2 class=\"kc_title\">Winterg\u00e4rten<\/h2>\n<\/div>\n<\/div><\/div><\/div><div class=\"kc-elm kc-css-291153 kc_row kc_row_inner\"><div class=\"kc-elm kc-css-796589 kc_col-sm-6 kc_column_inner kc_col-sm-6\"><div class=\"kc_wrapper kc-col-inner-container\"><div class=\"kc-elm kc-css-758311 kc_text_block\"><\/p>\n<p>Tr\u00e4umen Sie von einem besonderen R\u00fcckzugsort \u2013 ein Ort der Ruhe, fernab des Alltags?<\/p>\n<p>Winterg\u00e4rten verbinden die Vorz\u00fcge des komfortablen Wohnens mit der N\u00e4he und dem Bezug zur Natur. Sie bestehen haupts\u00e4chlich aus einer Kombination von Holzbalken und Glaselementen. Winterg\u00e4rten gelten als funktionelles und optisches Element der Bauerweiterung.<br \/>\nSie schaffen komfortablen Wohnraum mit hohem Lichteinfall und unglaublichem Lebenswert \u2013 ganzj\u00e4hrig!!<br \/>\nEin Wintergarten ist zumeist ein Anbauelement an ein bestehendes Geb\u00e4ude, dessen Dach- und Seitenw\u00e4nde \u00fcberwiegend aus Glas bestehen. Als empfohlene Ausrichtung wird in der Regel S\u00fcden angegeben, um die Sonneneinstrahlung optimal nutzen zu k\u00f6nnen. Je nach Lebensgewohnheit und Ausrichtung des Bestandshauses sind jedoch Ausrichtungen nach Westen (Abendsonne) oder Osten (Morgensonne) ebenfalls gut planbar. Der Wintergarten nutzt den sog. Glashauseffekt, bei dem die Sonnenenergie anstelle von konventionellen Heiztechniken zum Aufheizen der Innenluft genutzt und herangezogen werden kann.<\/p>\n<p>Wichtig ist die Fragestellung \u2013 welche Bauart eines Wintergartens erf\u00fcllt die eigenen Bed\u00fcrfnisse am besten &#8211; \u2026 ist es ein Warm- oder Kaltwintergarten (nicht beheizt).<\/p>\n<p>\n<\/div><\/div><\/div><div class=\"kc-elm kc-css-846066 kc_col-sm-6 kc_column_inner kc_col-sm-6\"><div class=\"kc_wrapper kc-col-inner-container\"><div class=\"kc-elm kc-css-900022 kc_text_block\"><\/p>\n<p>Der Warmwintergarten wird auch Wohnwintergarten genannt &#8211; er ist in punkto Heizverhalten dem Wohnbereich angepasst und zu jeder Jahreszeit gleichwertig bewohnbar. Er ist notwendigerweise besser isoliert und verf\u00fcgt \u00fcber Mehrfachverglasung. Dar\u00fcber hinaus sind f\u00fcr ihn erh\u00f6hte Anforderungen hinsichtlich der Energieeinsparung sowie eine Baugenehmigung zu erf\u00fcllen.<\/p>\n<p>Holz \u2013 Aluminium \u2013 Wintergarten: Wir planen und konstruieren in unserer Bauweise die Vorz\u00fcge von edlen Holzarten im Innenbereich, gro\u00dffl\u00e4chige 3fach-Isolierglaselementen (auf Wunsch einbruchhemmend, schall- und sonnensch\u00fctzend, selbstreinigend) und pflegeleichtes Aluminium. Jeder Wintergarten ist somit ein auf die Bed\u00fcrfnisse des Kunden abgestimmtes Unikat \u2013 er setzt Akzente!<\/p>\n<p>Die Vorz\u00fcge liegen auf der Hand: \u00d6kologisch, bei sehr guter W\u00e4rmed\u00e4mmung, energieeffizient (EnEV), witterungsbest\u00e4ndig, lichtdurchflutet, pflegeleicht, edel.<\/p>\n<p>Gern beraten wir Sie vollumf\u00e4nglich &#8211; von der ersten Vorplanung, dem kreativen Part, \u00fcber die unterschiedlichen beh\u00f6rdlichen Genehmigungsverfahren, M\u00f6glichkeiten der staatlichen F\u00f6rderung (z.B. KfW \u2013 energiebewusstes Bauen und Sanieren I energetischer Neubau I altersgerechter Umbau), das Tragwerk I die Statik bis hin zur Beratung von integriertem Sicht- und Sonnenschutz sind wir Ihr Ansprechpartner. Wir freuen uns, Sie und Ihre Ideen kennenlernen zu d\u00fcrfen.<\/p>\n<p>\n<\/div><\/div><\/div><\/div>\n<div class=\"kc-elm kc-css-416505 divider_line\">\n\t<div class=\"divider_inner divider_line1\">\n\t\t\t<\/div>\n<\/div>\n<div class=\"kc-elm kc-css-379741 kc_row kc_row_inner\"><div id=\"terrassenueberdachung\" class=\"kc-elm kc-css-639831 kc_col-sm-6 kc_column_inner kc_col-sm-6\"><div class=\"kc_wrapper kc-col-inner-container\">\n<div class=\"kc-elm kc-css-560518 kc-title-wrap \">\n\n\t<h2 class=\"kc_title\">Terrassen\u00fcberdachung<\/h2>\n<\/div>\n<div class=\"kc-elm kc-css-722020 kc_text_block\"><\/p>\n<p>Es ist eine unglaubliche Freiheit, wetterunabh\u00e4ngig planen zu k\u00f6nnen. Mit einem Terrassendach sind die losgel\u00f6st von der \u00dcberlegung, die Sitzkissen verstauen oder den Tisch abdecken zu m\u00fcssen. Wenn sie einen Sonnenschutz integrieren, wird auch das st\u00e4ndige Bewegen des Sonnenschirms \u00fcberfl\u00fcssig werden. Ein Terrassendach bedeutet Freiheit mit Frischluft um die Nase.<\/p>\n<p>\n<\/div><\/div><\/div><div id=\"sommergarten\" class=\"kc-elm kc-css-577564 kc_col-sm-6 kc_column_inner kc_col-sm-6\"><div class=\"kc_wrapper kc-col-inner-container\">\n<div class=\"kc-elm kc-css-691182 kc-title-wrap \">\n\n\t<h2 class=\"kc_title\">Sommergarten<\/h2>\n<\/div>\n<div class=\"kc-elm kc-css-677197 kc_text_block\"><\/p>\n<p><strong>\u2026 eine Erweiterung des Terrassendaches oder der Terrassen\u00fcberdachung<\/strong><\/p>\n<p>Der Sommergarten beschreibt eine \u00dcberdachung mit seitlichem Wind- und Wetterschutz. Regen, Wind, Sonne sowie manchmal auch die Blicke des Nachbarn k\u00f6nnen bei seitlicher Beeintr\u00e4chtigung die Nutzung einer Terrasse einschr\u00e4nken. Der Sommergarten ist somit eine Erweiterung eines Terrassendaches. Gerne werden Sommerg\u00e4rten mit flexiblen und \/ oder mobilen Elementen ausgestattet &#8211; somit besteht die variable M\u00f6glichkeit des \u00d6ffnens der Seitenelemente (z.B. im Hochsommer) je nach Belieben.<\/p>\n<p>\n<\/div><\/div><\/div><\/div>\n<div class=\"kc-elm kc-css-940937 divider_line\">\n\t<div class=\"divider_inner divider_line1\">\n\t\t\t<\/div>\n<\/div>\n<div id=\"beschattungssysteme\" class=\"kc-elm kc-css-151008 kc_row kc_row_inner\"><div class=\"kc-elm kc-css-573362 kc_col-sm-12 kc_column_inner kc_col-sm-12\"><div class=\"kc_wrapper kc-col-inner-container\">\n<div class=\"kc-elm kc-css-238031 kc-title-wrap \">\n\n\t<h2 class=\"kc_title\">Beschattungssysteme | Sichtschutz<\/h2>\n<\/div>\n<\/div><\/div><\/div><div class=\"kc-elm kc-css-10916 kc_row kc_row_inner\"><div class=\"kc-elm kc-css-556482 kc_col-sm-6 kc_column_inner kc_col-sm-6\"><div class=\"kc_wrapper kc-col-inner-container\"><div class=\"kc-elm kc-css-527460 kc_text_block\"><\/p>\n<p>Rolll\u00e4den, Raffstores, Faltstores, Jalousie, Markisen, Sonnensegel und Co.<\/p>\n<p>Wir alle lieben es, wenn die Sonne scheint \u2013 allerdings kann es im Sommer auch schnell einmal zu hei\u00df werden \u2013 dann sind wirksame Schattenspender gefragt.<br \/>\nWussten Sie schon, dass selbst der Gesetzgeber einen sommerlichen W\u00e4rmeschutz fordert, sollten die Fensterfl\u00e4chen eines Geb\u00e4udes mehr als 30% Anteil an der Fassade haben. Hintergr\u00fcndlich daf\u00fcr ist, dass die Bewohner es vermeiden sollten, mit energiefressenden Klimager\u00e4ten die erh\u00f6hten Temperaturen der Innenr\u00e4ume herunter zu k\u00fchlen.<br \/>\nDer durchdachte Sonnenschutz: Innen oder au\u00dfen? Rollladen, Fensterladen, Jalousie, Raffstore, Faltstore \/ Plissee, Markise oder Sonnensegel? Ein au\u00dfenliegender Sonnenschutz gilt als der effektivste, da die w\u00e4rmenden Sonnenstrahlen erst gar nicht in das Innere des Geb\u00e4udes gelangen.<\/p>\n<p><strong>Rolll\u00e4den und Fensterl\u00e4den<\/strong> \u2013 \u2026 dichtschlie\u00dfende Rolll\u00e4den und Fensterl\u00e4den sind eine stabile Variante des Sonnen-, Licht- und Schallschutzes. Sie k\u00f6nnen teils und komplett abdunkeln; sie unterst\u00fctzen dar\u00fcber hinaus die ungest\u00f6rte Nachtruhe (Schichtdienst). Zus\u00e4tzlich stellen sie eine Barriere f\u00fcr Langfinger dar und sch\u00fctzen energieeffizient die Fensterfl\u00e4chen in kalten Monaten vor W\u00e4rmeverlusten.<\/p>\n<p><strong>Raffstores I Jalousien<\/strong> \u2013 \u2026 sie erm\u00f6glichen durch einzelne Lamellen eine stufenlose Einstellung und Anpassung an vorhandene Lichtverh\u00e4ltnisse. Die Steuerung kann manuell oder elektronisch z.B. \u00fcber eine App erfolgen, somit kann der Lichteinfall individuell angepasst und dosiert werden. Kleines Manko \u2013 sie sind windanf\u00e4lliger als beispielsweise Rolll\u00e4den und schotten das Tageslicht nicht vollst\u00e4ndig ab.<\/p>\n<p>\n<\/div><\/div><\/div><div class=\"kc-elm kc-css-785854 kc_col-sm-6 kc_column_inner kc_col-sm-6\"><div class=\"kc_wrapper kc-col-inner-container\"><div class=\"kc-elm kc-css-195021 kc_text_block\"><\/p>\n<p><strong>Faltstores I Plissees<\/strong> \u2013 \u2026 sie gelten als Multitalende f\u00fcr Fensterfl\u00e4chen. Mit flexiblen Faltstores I Plissees lassen sich selbst Sonderformate wie runde, trapezf\u00f6rmige oder dreieckige Fenster problemlos best\u00fccken und beschatten. Sie sind nahezu in jeder beliebigen Passform zu fertigen.<\/p>\n<p>Faltstores \u2013 bereits die alten Chinesen verstanden es, mit gefaltetem<br \/>\nPapier, Licht und Schatten auf sch\u00f6ne Art und Weise zu kontrollieren.<br \/>\nHeute ist die Technik selbstverst\u00e4ndlich viel ausgefeiter. Faltstores<br \/>\nwerden aus strapazierf\u00e4higem Gewebe gefertigt, die dennoch zart und<br \/>\nluftig wirken. Luftdurchl\u00e4ssig tauchen sie jeden Raum in eine<br \/>\nstimmungsvolle Atmosph\u00e4re und geben weiche Lichteffekte. Durch die<br \/>\naluminiumbedampfte Au\u00dfenseite reflektieren sie die W\u00e4rmestrahlen und<br \/>\nbieten nachts zudem perfekten Sichtschutz.<\/p>\n<p><strong>Markisen<\/strong>\u00a0\u2013 \u2026 jeder kennt sie, durch UV-best\u00e4ndige Markisenstoffe, Farben und Designs setzen sie optische Akzente und bieten gleich zwei Vorteile \u2013 sie sind ein Sonnendach f\u00fcr Balkon und \/ oder Terrasse und halten gleichzeitig per Beschattung den angrenzenden Raum k\u00fchl.<br \/>\nMarkisen werden unterschieden in offene und geschlossene Systeme. Offene Systeme werden \u00fcber die Tuchwelle aufgerollt, das Tuchmaterial bleibt unbedeckt und ist ganzj\u00e4hrig der Witterung ausgesetzt, sie gelten somit als pflegeintensiv. Bei geschlossenen Systemen befinden sich Gelenkarm, Tuchwelle und Markisenstoff im aufgerollten Zustand im Inneren der Kassette, sie werden vor der ganzj\u00e4hrigen Witterung gesch\u00fctzt.<\/p>\n<p><strong>Au\u00dfenliegende Stoffrollos<\/strong> \u2013 durch UV-best\u00e4ndige Markisenstoffe, zahlreiche Farben und Designs setzen sie optische Akzente im Ansichtsbereich der Fassade. Gro\u00dfes Plus \u2013 sie erzeugen eine angenehme D\u00e4mpfung des Lichts und werden bevorzugt an B\u00fcrogeb\u00e4uden verbaut. Kleines Manko \u2013 sie sind windanf\u00e4lliger als beispielsweise Rolll\u00e4den und schotten das Tageslicht nicht vollst\u00e4ndig ab.<\/p>\n<p>\n<\/div><\/div><\/div><\/div>\n<div class=\"kc-elm kc-css-553317 divider_line\">\n\t<div class=\"divider_inner divider_line1\">\n\t\t\t<\/div>\n<\/div>\n<div id=\"insektenschutz\" class=\"kc-elm kc-css-90250 kc_row kc_row_inner\"><div class=\"kc-elm kc-css-56716 kc_col-sm-12 kc_column_inner kc_col-sm-12\"><div class=\"kc_wrapper kc-col-inner-container\">\n<div class=\"kc-elm kc-css-694300 kc-title-wrap \">\n\n\t<h2 class=\"kc_title\">Insektenschutz<\/h2>\n<\/div>\n<\/div><\/div><\/div><div class=\"kc-elm kc-css-39361 kc_row kc_row_inner\"><div class=\"kc-elm kc-css-966731 kc_col-sm-6 kc_column_inner kc_col-sm-6\"><div class=\"kc_wrapper kc-col-inner-container\"><div class=\"kc-elm kc-css-582558 kc_text_block\"><\/p>\n<p>Machen Sie jeden Raum zur insektenfreien Zone: Wirkungsvoll, elegant und umweltfreundlich! Frische Luft ohne l\u00e4stige Plagegeister \u2013 so werden auch in der Sommersaison die Nachtruhe zur puren Erholung und laue Sommern\u00e4chte zum unbeschwerten Genuss \u2013 eben ein echtes St\u00fcck Lebensqualit\u00e4t.<\/p>\n<p>Das Herzst\u00fcck jedes Insektenschutzgitters \u2013 das Gewebe \u2013 besteht aus maschenfestverschwei\u00dftem Fiberglasgewebe in den Farben grau oder schwarz. Es ist rostfrei, korrosionsbest\u00e4ndig und rei\u00dffest. Auf Wunsch sind die Gewebe beispielsweise f\u00fcr den Kellerbereich auch in Edelstahl oder Aluminium einsetzbar.<\/p>\n<p>\n<\/div><\/div><\/div><div class=\"kc-elm kc-css-220035 kc_col-sm-6 kc_column_inner kc_col-sm-6\"><div class=\"kc_wrapper kc-col-inner-container\"><div class=\"kc-elm kc-css-475925 kc_text_block\"><\/p>\n<ul>\n<li>Fliegengitter<\/li>\n<li>Insektenschutzgitter<\/li>\n<li>Pollenschutz<\/li>\n<li>Allergiker<\/li>\n<li>Schutz vor Ungeziefer<\/li>\n<li>Einh\u00e4ngerahmen<\/li>\n<li>Pendelt\u00fcr<\/li>\n<li>Petscreen (Hund, Katze)<\/li>\n<li>Sonderformate<\/li>\n<li>nachr\u00fcstbar<\/li>\n<\/ul>\n<p>\n<\/div><\/div><\/div><\/div><\/div><\/div><\/div><\/div><\/section>\n","protected":false},"excerpt":{"rendered":"","protected":false},"author":1,"featured_media":0,"parent":783,"menu_order":20,"comment_status":"closed","ping_status":"closed","template":"","meta":{"footnotes":""},"_links":{"self":[{"href":"https:\/\/draude.de\/tischlerei\/wp-json\/wp\/v2\/pages\/1291"}],"collection":[{"href":"https:\/\/draude.de\/tischlerei\/wp-json\/wp\/v2\/pages"}],"about":[{"href":"https:\/\/draude.de\/tischlerei\/wp-json\/wp\/v2\/types\/page"}],"author":[{"embeddable":true,"href":"https:\/\/draude.de\/tischlerei\/wp-json\/wp\/v2\/users\/1"}],"replies":[{"embeddable":true,"href":"https:\/\/draude.de\/tischlerei\/wp-json\/wp\/v2\/comments?post=1291"}],"version-history":[{"count":11,"href":"https:\/\/draude.de\/tischlerei\/wp-json\/wp\/v2\/pages\/1291\/revisions"}],"predecessor-version":[{"id":1599,"href":"https:\/\/draude.de\/tischlerei\/wp-json\/wp\/v2\/pages\/1291\/revisions\/1599"}],"up":[{"embeddable":true,"href":"https:\/\/draude.de\/tischlerei\/wp-json\/wp\/v2\/pages\/783"}],"wp:attachment":[{"href":"https:\/\/draude.de\/tischlerei\/wp-json\/wp\/v2\/media?parent=1291"}],"curies":[{"name":"wp","href":"https:\/\/api.w.org\/{rel}","templated":true}]}}