{"id":845,"date":"2020-01-22T09:44:29","date_gmt":"2020-01-22T08:44:29","guid":{"rendered":"http:\/\/draude.de\/tischlerei\/?page_id=845"},"modified":"2020-10-02T12:30:20","modified_gmt":"2020-10-02T10:30:20","slug":"bodenbelaege","status":"publish","type":"page","link":"https:\/\/draude.de\/tischlerei\/produkte\/bodenbelaege\/","title":{"rendered":"Bodenbel\u00e4ge"},"content":{"rendered":"<section class=\"kc-elm kc-css-464164 kc_row\"><div class=\"kc-row-container  kc-container\"><div class=\"kc-wrap-columns\"><div class=\"kc-elm kc-css-446457 kc_col-sm-12 kc_column kc_col-sm-12\"><div class=\"kc-col-container\"><div class=\"kc-elm kc-css-776322 kc_row kc_row_inner\"><div class=\"kc-elm kc-css-717308 kc_col-sm-8 kc_column_inner kc_col-sm-8\"><div class=\"kc_wrapper kc-col-inner-container\"><div class=\"kc-elm kc-css-196966\">\n\t<div class=\"kc-carousel_images kc-elm kc-css-196966\">\n\t\n\t\t<div class=\"kc-carousel-images owl-carousel-images kc-sync1  owl-nav-arrow\" data-owl-i-options='{\"items\":\"1\",\"tablet\":\"1\",\"mobile\":\"1\",\"speed\":\"500\",\"navigation\":\"yes\",\"pagination\":\"\",\"autoheight\":\"\",\"progressbar\":\"\",\"delay\":\"8\",\"autoplay\":\"yes\",\"showthumb\":\"\",\"num_thumb\":\"5\"}'>\n\t\n\t\t\t\t\t<div class=\"item\">\n\t\n\t\t\t\t\t\t\t<img decoding=\"async\" src=\"https:\/\/draude.de\/tischlerei\/wp-content\/uploads\/sites\/2\/2020\/02\/draude_fussbodensysteme5.jpg\"  alt=\"\"\/>\n\t\n\t\t\t\t\n\t\t\t<\/div>\n\t\n\t\t\t\t\t<div class=\"item\">\n\t\n\t\t\t\t\t\t\t<img decoding=\"async\" src=\"https:\/\/draude.de\/tischlerei\/wp-content\/uploads\/sites\/2\/2020\/02\/draude_fussbodensysteme4.jpg\"  alt=\"\"\/>\n\t\n\t\t\t\t\n\t\t\t<\/div>\n\t\n\t\t\t\t\t<div class=\"item\">\n\t\n\t\t\t\t\t\t\t<img decoding=\"async\" src=\"https:\/\/draude.de\/tischlerei\/wp-content\/uploads\/sites\/2\/2020\/02\/draude_fussbodensysteme3.jpg\"  alt=\"\"\/>\n\t\n\t\t\t\t\n\t\t\t<\/div>\n\t\n\t\t\t\t\t<div class=\"item\">\n\t\n\t\t\t\t\t\t\t<img decoding=\"async\" src=\"https:\/\/draude.de\/tischlerei\/wp-content\/uploads\/sites\/2\/2020\/02\/draude_fussbodensysteme2.jpg\"  alt=\"\"\/>\n\t\n\t\t\t\t\n\t\t\t<\/div>\n\t\n\t\t\t\t\t<div class=\"item\">\n\t\n\t\t\t\t\t\t\t<img decoding=\"async\" src=\"https:\/\/draude.de\/tischlerei\/wp-content\/uploads\/sites\/2\/2020\/02\/draude_fussbodensysteme.jpg\"  alt=\"\"\/>\n\t\n\t\t\t\t\n\t\t\t<\/div>\n\t\n\t\t\t\n\t\t<\/div>\n\t\n\t\t\t<\/div>\n<\/div>\n<\/div><\/div><div class=\"kc-elm kc-css-447524 kc_col-sm-4 kc_column_inner kc_col-sm-4 produkte-liste\"><div class=\"kc_wrapper kc-col-inner-container\"><div class=\"kc-elm kc-css-382968 kc_text_block produkte-liste\"><\/p>\n<ul>\n<li><a href=\"#parkett\">Parkett<\/a><\/li>\n<li><a href=\"#vinyl-design-boden\">Vinyl \/ Designboden<\/a><\/li>\n<li><a href=\"#spachtelboeden\">Spachtelb\u00f6den<\/a><\/li>\n<\/ul>\n<p>\n<\/div><\/div><\/div><\/div><div class=\"kc-elm kc-css-677794 kc_row kc_row_inner\"><div class=\"kc-elm kc-css-13447 kc_col-sm-12 kc_column_inner kc_col-sm-12 produkte-details\"><div class=\"kc_wrapper kc-col-inner-container\">\n<div class=\"kc-elm kc-css-39783 kc-title-wrap \">\n\n\t<h1 class=\"kc_title\">Bodenbel\u00e4ge<\/h1>\n<\/div>\n<div class=\"kc-elm kc-css-809578 kc_text_block\"><\/p>\n<p>Bei der Einrichtung von Wohnr\u00e4umen spielt das nat\u00fcrliche Material eine wichtige Rolle \u2013 es schafft ein authentisches Ambiente! Ein Holzfu\u00dfboden pr\u00e4gt den Charakter eines Raumes \u2013 er wirkt und beeinflusst das Wohnambiente.<\/p>\n<p>Fr\u00fcher waren Holzfu\u00dfb\u00f6den ein Zeichen von Reichtum und erlesenem Geschmack. Mit neuen H\u00f6lzern und frischem Design beweisen Parkettb\u00f6den ihre Alltagstauglichkeit. Sie sind robust und \u00fcber Generationen sch\u00f6n.<\/p>\n<p>Die Verlegemuster (Schiffsboden-, Schiffsgratmuster\u2026) sind vielf\u00e4ltig und werden r\u00e4umlich angepasst. Hinzu kommen weitere Vorteile wie die Kombinierbarkeit mit einer Fu\u00dfbodenheizung, geringer Raumschall und der problemlosen Sanierbarkeit. Weist der Boden nach etlichen Jahren Gebrauchsspuren auf, kann er abgeschliffen und neu versiegelt werden.<\/p>\n<p>\n<\/div><\/div><\/div><\/div>\n<div class=\"kc-elm kc-css-442584 divider_line\">\n\t<div class=\"divider_inner divider_line1\">\n\t\t\t<\/div>\n<\/div>\n<div id=\"parkett\" class=\"kc-elm kc-css-86962 kc_row kc_row_inner\"><div class=\"kc-elm kc-css-178317 kc_col-sm-12 kc_column_inner kc_col-sm-12 produkte-details\"><div class=\"kc_wrapper kc-col-inner-container\">\n<div class=\"kc-elm kc-css-485484 kc-title-wrap \">\n\n\t<h2 class=\"kc_title\">Parkett<\/h2>\n<\/div>\n<div class=\"kc-elm kc-css-951169 kc_text_block\"><\/p>\n<p><strong>Ein nachhaltiges Naturprodukt \u2013 klassisch und modern <\/strong><\/p>\n<p>Parkett ist eine ausdrucksstarke Wohnentscheidung \u2013 Parkett ist ein wahrer Eyecatcher, es setzt sein Statement als Naturprodukt im Innenbereich der Immobilie &#8211; gewollt zur\u00fcckhaltend, klassisch bis ausdrucksstart betont.<br \/>\nTraditionelle europ\u00e4ische Holzarten sind vorwiegend Eiche und Buche. Derzeit stark im Trend sind zudem au\u00dfereurop\u00e4ische Harth\u00f6lzer wie Teak, Palisander, Kambala, Eukalyptus, Limbali, Peroba, Kotiba und Bambus (genaugenommen verholzte Grasart) etc. Bei einem Mehrschichtparkett kommen als Tr\u00e4ger Holzwerkstoffe zum Einsatz.<br \/>\nDer Parkettboden gilt als dauerhafter Bodenbelag \u2013 er punktet f\u00fcr den Besitzer durch die M\u00f6glichkeit der Aufarbeitung (Wahl der Nutzschicht \/ Dicke) \u2013 durchaus lukrativ. Bereits in Schl\u00f6ssern, Villen und Co. sind die B\u00f6den auch nach Jahrhunderten attraktiv und zeigen Charakterst\u00e4rke.<\/p>\n<p><strong>Arten der Verlegung:<\/strong> festverklebt, schwimmend verlegt (mit oder ohne Klick-System \/ kraft- oder formschlie\u00dfend)<\/p>\n<p>Zur Thematik der unterschiedlichen Verlegungsarten sind der Phantasie keine Grenzen gesetzt. Hier werden unz\u00e4hlige Abstufungen nachstehender Verbandsverlegungen unterschieden:<\/p>\n<ul>\n<li>der Parallelverband (Schiffsbodenverband, englischer Verband, altdeutschen Flechtverband, Oxfordverband),<\/li>\n<li>der Flechtboden, (Flechtboden mit W\u00fcrfeln, Tafelmuster),<\/li>\n<li>das Fischgr\u00e4t \/ franz\u00f6sisches Fischgr\u00e4t,<\/li>\n<li>der Leiterboden uvm.<\/li>\n<\/ul>\n<p><strong>Info Laminat:<\/strong> Vom Parkett losgel\u00f6st und zu unterscheiden sind Laminat-Bodenbel\u00e4ge. Sie bestehen aus Holzfaserstoffen als Tr\u00e4germaterial sowie einer Beschichtung aus Melaminharz; die sichtbare jedoch nur \u201escheinbare Holzoberfl\u00e4che\u201c ist eine Kunststoffoberfl\u00e4che mit impr\u00e4gnierter Dekorschicht.<\/p>\n<p><strong>Parkettarten:<\/strong><\/p>\n<p>Massivparkett<\/p>\n<p>Parkettdiele<\/p>\n<p>Massivdiele<\/p>\n<p>Mosaikparkett<\/p>\n<p>Lamparkett<\/p>\n<p>Hochkantlamellparkett<\/p>\n<p>Tafelparkett\/franz\u00f6sisches Parkett<\/p>\n<p>\n<\/div><\/div><\/div><\/div>\n<div class=\"kc-elm kc-css-570153 divider_line\">\n\t<div class=\"divider_inner divider_line1\">\n\t\t\t<\/div>\n<\/div>\n<div id=\"vinyl-design-boden\" class=\"kc-elm kc-css-591663 kc_row kc_row_inner\"><div class=\"kc-elm kc-css-151122 kc_col-sm-12 kc_column_inner kc_col-sm-12 produkte-details\"><div class=\"kc_wrapper kc-col-inner-container\">\n<div class=\"kc-elm kc-css-516536 kc-title-wrap \">\n\n\t<h2 class=\"kc_title\">Vinyl \/ Design-Boden<\/h2>\n<\/div>\n<div class=\"kc-elm kc-css-702197 kc_text_block\"><\/p>\n<p>Vinyl- oder Designb\u00f6den haben sich mittlerweile auf dem Markt fest etabliert \u2013 sie sind \u00fcberaus pflegeleicht, behaglich und trotzdem extrem strapazierf\u00e4hig, hygienisch, f\u00fcr Allergiker geeignet, rutschfest (K\u00fcchen, B\u00e4der, Feuchtr\u00e4ume), fu\u00dfwarm (geeignet bei Fu\u00dfbodenheizung bis 28\u00b0C), verf\u00fcgen \u00fcber eine unschlagbar geringe Aufbauh\u00f6he und sind somit ideal bei dem Vorhaben einer Fu\u00dfbodenrenovierung; sie \u00fcberzeugen durch nat\u00fcrliche Haptik und Begehger\u00e4usche \u2013 zudem sind Designb\u00f6den in unz\u00e4hligen Designs der Holz-, Stein-, Beton- und Fliesenoptik erh\u00e4ltlich.<\/p>\n<p>Sollten wir Ihr Interesse geweckt haben, stehen wir Ihnen gerne nach Terminabsprache in unserem Bemusterungsbereich zur Verf\u00fcgung. Wir freuen uns \u00fcber Ihren Besuch.<\/p>\n<p>Den Eintritt in den Markt haben Designb\u00f6den \u00fcber gro\u00dffl\u00e4chige B\u00fcror\u00e4ume und Ladengesch\u00e4fte bis hin zur Hotelerie gefunden. L\u00e4ngst sind sie kein Geheimtipp mehr \u2013 gewerbliche als auch private Wohnungseigent\u00fcmer entscheiden sich bewusst aufgrund \u00fcbersichtlicher Parameter f\u00fcr einen Designboden.<\/p>\n<p><strong>Parameter:<\/strong><br \/>\n\u00dcberzeugend nat\u00fcrliche Optik und Haptik, preisinteressant, wasserunempfindlich, auch im Nassbereich von Bad und WC einsetzbar, rutschfest, fusswarm, strapazierf\u00e4hig, rasche Verlegung nach erfolgten Vorarbeiten, je nach Ausf\u00fchrung sind einzelne Planken bei Besch\u00e4digung problemlos auswechselbar, geeignet f\u00fcr den privaten Wohnbereich, B\u00fcrofl\u00e4chen, Arztpraxen, Ladengesch\u00e4fte und Handel, Gastronomie, Kinderg\u00e4rten etc.<\/p>\n<p>\n<\/div><\/div><\/div><\/div>\n<div class=\"kc-elm kc-css-706047 divider_line\">\n\t<div class=\"divider_inner divider_line1\">\n\t\t\t<\/div>\n<\/div>\n<div id=\"spachtelboeden\" class=\"kc-elm kc-css-978586 kc_row kc_row_inner\"><div class=\"kc-elm kc-css-46007 kc_col-sm-12 kc_column_inner kc_col-sm-12 produkte-details\"><div class=\"kc_wrapper kc-col-inner-container\">\n<div class=\"kc-elm kc-css-596139 kc-title-wrap \">\n\n\t<h2 class=\"kc_title\">Spachtelb\u00f6den<\/h2>\n<\/div>\n<div class=\"kc-elm kc-css-333786 kc_text_block\"><\/p>\n<p><strong>Ein Ausdruck modernen Lifestyles<\/strong><\/p>\n<p>Unsere heutige Zeit ist \u2013 wie kaum eine andere zuvor \u2013 von Trends, Lifestyle und dem Fortschritt gepr\u00e4gt. Diese Entwicklung macht auch nicht vor der Wahl unserer Materialien und Baustoffe Halt. Moderne Herstellungsverfahren erm\u00f6glichen es, unsere B\u00f6den puristisch, \u00e4sthetisch und von allem minimalistisch in Szene zu setzen.<\/p>\n<p>Spachtelb\u00f6den stehen als Ausdruck f\u00fcr bewusst gew\u00e4hlte Schlichtheit \u2013 durch beispielsweise kraftvolle Betonelemente \u2013 und sind eher mit einem NivellierEstrich zu vergleichen.<\/p>\n<p>Zumeist handelt es sich um einen Flie\u00dfspachtel, der auf den vorbereiteten Untergrund aufgebracht wird. Der Estrich ist dabei so d\u00fcnnfl\u00fcssig, dass er sich nahezu eigenst\u00e4ndig und gleichm\u00e4\u00dfig auf dem Untergrund durch die Feinarbeit mit Gl\u00e4ttkellen oder Schiebern verteilt und gl\u00e4ttet. Die Oberfl\u00e4che ist nach dem Trocknungs- und Aush\u00e4rtungsvorgang stark verdichtet und damit angenehm glatt &#8211; \u2026 bei gegebener Rutschfestigkeit!! Nach dem Vorgang der vollst\u00e4ndigen Trocknung wird der Boden im n\u00e4chsten Arbeitsgang geschliffen und poliert (vergleichbar mit dem Schleifvorgang eines Parkettbodens) \u2013 das perfekte Finish wird durch die abschlie\u00dfende Impr\u00e4gnierung des Bodenbelages erreicht.<\/p>\n<p>Nicht nur im gewerblichen Lifestyle, sondern auch im privaten Wohnumfeld, werden die aktuellen Trends der Betonoptik\/Spachtelboden immer bedeutsamer. Ein herausstechendes Merkmal ist die gl\u00e4nzende Langlebigkeit bei einfacher Pflege durch polieren, schleifen und impr\u00e4gnieren.<\/p>\n<p><strong>Die Vorz\u00fcge noch einmal in K\u00fcrze:<\/strong><\/p>\n<ul>\n<li>sehr gutes Wohnklima als aktives, regulierendes und ausgleichendes Bauteil<\/li>\n<li>wasserabweisend<\/li>\n<li>abriebfest (gute Eignung im B\u00fcro- und Verwaltungsbereich und \/ oder Ladengesch\u00e4ft)<\/li>\n<li>flexibel &#8211; leichte Unebenheiten im Bereich von 2-10mm k\u00f6nnen ausgeglichen werden<\/li>\n<li>lichtecht (die Farbpigmente werden der kompletten Spachtelmasse zugef\u00fcgt)<\/li>\n<li>fu\u00dfw\u00e4rmer als keramischer Fliesenbelag<\/li>\n<li>als Untergrund dienst ein herk\u00f6mmlicher Estrichboden, unter Ber\u00fccksichtigung umlaufender Dehnungsfugen<\/li>\n<li>geeignet f\u00fcr Fu\u00dfbodenheizungen<\/li>\n<li>nicht pflegeintensiv<\/li>\n<\/ul>\n<p>\n<\/div><\/div><\/div><\/div><\/div><\/div><\/div><\/div><\/section>\n","protected":false},"excerpt":{"rendered":"","protected":false},"author":1,"featured_media":0,"parent":783,"menu_order":40,"comment_status":"closed","ping_status":"closed","template":"","meta":{"footnotes":""},"_links":{"self":[{"href":"https:\/\/draude.de\/tischlerei\/wp-json\/wp\/v2\/pages\/845"}],"collection":[{"href":"https:\/\/draude.de\/tischlerei\/wp-json\/wp\/v2\/pages"}],"about":[{"href":"https:\/\/draude.de\/tischlerei\/wp-json\/wp\/v2\/types\/page"}],"author":[{"embeddable":true,"href":"https:\/\/draude.de\/tischlerei\/wp-json\/wp\/v2\/users\/1"}],"replies":[{"embeddable":true,"href":"https:\/\/draude.de\/tischlerei\/wp-json\/wp\/v2\/comments?post=845"}],"version-history":[{"count":4,"href":"https:\/\/draude.de\/tischlerei\/wp-json\/wp\/v2\/pages\/845\/revisions"}],"predecessor-version":[{"id":1627,"href":"https:\/\/draude.de\/tischlerei\/wp-json\/wp\/v2\/pages\/845\/revisions\/1627"}],"up":[{"embeddable":true,"href":"https:\/\/draude.de\/tischlerei\/wp-json\/wp\/v2\/pages\/783"}],"wp:attachment":[{"href":"https:\/\/draude.de\/tischlerei\/wp-json\/wp\/v2\/media?parent=845"}],"curies":[{"name":"wp","href":"https:\/\/api.w.org\/{rel}","templated":true}]}}