{"id":847,"date":"2020-01-22T09:44:45","date_gmt":"2020-01-22T08:44:45","guid":{"rendered":"http:\/\/draude.de\/tischlerei\/?page_id=847"},"modified":"2020-10-02T11:13:40","modified_gmt":"2020-10-02T09:13:40","slug":"outdoor","status":"publish","type":"page","link":"https:\/\/draude.de\/tischlerei\/produkte\/outdoor\/","title":{"rendered":"Outdoor"},"content":{"rendered":"<section class=\"kc-elm kc-css-498187 kc_row\"><div class=\"kc-row-container  kc-container\"><div class=\"kc-wrap-columns\"><div class=\"kc-elm kc-css-574124 kc_col-sm-12 kc_column kc_col-sm-12\"><div class=\"kc-col-container\"><div class=\"kc-elm kc-css-11273 kc_row kc_row_inner\"><div class=\"kc-elm kc-css-58289 kc_col-sm-8 kc_column_inner kc_col-sm-8\"><div class=\"kc_wrapper kc-col-inner-container\"><div class=\"kc-elm kc-css-344023\">\n\t<div class=\"kc-carousel_images kc-elm kc-css-344023\">\n\t\n\t\t<div class=\"kc-carousel-images owl-carousel-images kc-sync1  owl-nav-arrow\" data-owl-i-options='{\"items\":\"1\",\"tablet\":\"1\",\"mobile\":\"1\",\"speed\":\"500\",\"navigation\":\"yes\",\"pagination\":\"\",\"autoheight\":\"\",\"progressbar\":\"\",\"delay\":\"8\",\"autoplay\":\"yes\",\"showthumb\":\"\",\"num_thumb\":\"5\"}'>\n\t\n\t\t\t\t\t<div class=\"item\">\n\t\n\t\t\t\t\t\t\t<img decoding=\"async\" src=\"https:\/\/draude.de\/tischlerei\/wp-content\/uploads\/sites\/2\/2020\/05\/draude_carport1.jpg\"  alt=\"\"\/>\n\t\n\t\t\t\t\n\t\t\t<\/div>\n\t\n\t\t\t\t\t<div class=\"item\">\n\t\n\t\t\t\t\t\t\t<img decoding=\"async\" src=\"https:\/\/draude.de\/tischlerei\/wp-content\/uploads\/sites\/2\/2020\/05\/draude_carport2.jpg\"  alt=\"\"\/>\n\t\n\t\t\t\t\n\t\t\t<\/div>\n\t\n\t\t\t\t\t<div class=\"item\">\n\t\n\t\t\t\t\t\t\t<img decoding=\"async\" src=\"https:\/\/draude.de\/tischlerei\/wp-content\/uploads\/sites\/2\/2020\/02\/draude_haus_und_zimmertueren.jpg\"  alt=\"\"\/>\n\t\n\t\t\t\t\n\t\t\t<\/div>\n\t\n\t\t\t\n\t\t<\/div>\n\t\n\t\t\t<\/div>\n<\/div>\n<\/div><\/div><div class=\"kc-elm kc-css-130628 kc_col-sm-4 kc_column_inner kc_col-sm-4 produkte-liste\"><div class=\"kc_wrapper kc-col-inner-container\"><div class=\"kc-elm kc-css-412551 kc_text_block produkte-liste\"><\/p>\n<ul>\n<li><a href=\"#balkon-und-terrassen-belaege\">Balkon- und Terrassenbel\u00e4ge<\/a><\/li>\n<li><a href=\"#carport\">Carport<\/a><\/li>\n<li><a href=\"#vordaecher-hauseingaenge\">Vord\u00e4che | Hauseing\u00e4nge<\/a><\/li>\n<\/ul>\n<p>\n<\/div><\/div><\/div><\/div><div class=\"kc-elm kc-css-514893 kc_row kc_row_inner\"><div class=\"kc-elm kc-css-194015 kc_col-sm-12 kc_column_inner kc_col-sm-12 produkte-details\"><div class=\"kc_wrapper kc-col-inner-container\">\n<div class=\"kc-elm kc-css-623527 kc-title-wrap \">\n\n\t<h1 class=\"kc_title\">Outdoor<\/h1>\n<\/div>\n<\/div><\/div><\/div><div id=\"balkon-und-terrassen-belaege\" class=\"kc-elm kc-css-752520 kc_row kc_row_inner\"><div class=\"kc-elm kc-css-993288 kc_col-sm-12 kc_column_inner kc_col-sm-12 produkte-details\"><div class=\"kc_wrapper kc-col-inner-container\"><div class=\"kc-elm kc-css-599362 kc_text_block\"><\/p>\n<h2>Balkon- und Terrassenbel\u00e4ge<\/h2>\n<p>Wer die Wahl hat, hat die (Entscheidungs-)Qual. Im Bereich der Balkon- und Terrassenbel\u00e4ge ist die Auswahl vielf\u00e4ltig wie im Wohnbereich. Das Sortiment reicht von Naturholz \u00fcber Fliesen und Steingut bis hin zu WPC \u2013 jedes Produkt hat seine ganz besonderen Vorz\u00fcge aufzuweisen.<\/p>\n<p>Die Entscheidung ist nicht leicht \u2013 jedes Material verleiht dem FreiRaumGef\u00fchl seinen ganz eigenen Charakter. Setzen Sie Akzente mit Holz, es bringt W\u00e4rme und Wohnlichkeit und kann sehr gut mit k\u00fchlen Elementen wie Beton oder Naturstein stilsicher kombiniert werden. F\u00fcr uns ist Holz nach wie vor das sch\u00f6nste Bodenmaterial \u2013 sowohl im Haus, als auch im Garten. Es wirkt nicht nur optisch warm, sondern verf\u00fcgt \u00fcber eine angenehme Haptik, ist vielseitig bearbeit- und anpassbar (Rasenniveau, Sitzniveau) und mit geringem Pflegeaufwand ausgesprochen robust.<\/p>\n<p>Der Aufwand ist (relativ) \u00fcberschaubar, eine Holz- oder Metallunterkonstruktion wird auf einem Fundament aufgest\u00e4ndert, hier werden die Holzdielen im gew\u00fcnschten Format zugeschnitten und befestigt.<\/p>\n<p>Was gilt es zu beachten? Das Naturprodukt Holz ist nahezu wetterfest \u2013 wird jedoch auf kurz oder lang verwittern \u2013 so viel Ehrlichkeit muss sein! Hier gilt die Faustregel: Je h\u00e4rter, desto besser!<br \/>\nDie g\u00e4ngigsten Harth\u00f6lzer sind Eiche oder Esche sowie die impr\u00e4gnierten Weichh\u00f6lzer Kiefer oder Douglasie. Gr\u00f6\u00dfer werdender Beliebtheit erfreuen sich auch die tropischen Harth\u00f6lzer wie Bankirai und Co.<\/p>\n<p>Eine pflegeleichte Alternative stellt die Artikelgruppe der sog. WPC \u2013 Balkon- und Terrassenbel\u00e4ge dar. WPC steht f\u00fcr das K\u00fcrzel \u201eWood Plastic Composite\u201c \u2013 ein Mix aus Kunststoff- und Holzfasern, sie sind besonders langlebig und \u00fcberaus pflegeleicht. Ihre matte Oberfl\u00e4che \u00e4hnelt haptisch naturbelassenen H\u00f6lzern.<\/p>\n<p><strong>Kurz\u00fcbersicht:<\/strong><br \/>\n<u>Echtholz:<\/u> klassisches Naturprodukt mit wohnlich-warmer Ausstrahlung | hohe Haltbarkeit bei guter Holzqualit\u00e4t und regelm\u00e4\u00dfiger Pflege | unkomplizierte Verlegung<\/p>\n<p><u>WPC \u2013 Wood Plastic Composite:<\/u> Materialmix aus Kunststoff- und Holzfasern | holz\u00e4hnliche Optik und Haptik | pflegeleicht und haltbar | Ausf\u00fchrungen als Terrassendiele, Systemdiele oder Fliesenraster erh\u00e4ltlich<\/p>\n<p>Sie haben sich noch nicht entscheiden k\u00f6nnen, sind noch immer hin- und hergerissen \u2013 gern vereinbaren wir mit Ihnen einen Beratungstermin und informieren Sie \u00fcber das F\u00fcr und Wider \u2013 \u2026 auch vor Ort.<\/p>\n<p>\n<\/div><\/div><\/div><\/div>\n<div class=\"kc-elm kc-css-284904 divider_line\">\n\t<div class=\"divider_inner divider_line1\">\n\t\t\t<\/div>\n<\/div>\n<div id=\"carport\" class=\"kc-elm kc-css-445722 kc_row kc_row_inner\"><div class=\"kc-elm kc-css-245726 kc_col-sm-12 kc_column_inner kc_col-sm-12 produkte-details\"><div class=\"kc_wrapper kc-col-inner-container\"><div class=\"kc-elm kc-css-403103 kc_text_block\"><\/p>\n<h2>Carport<\/h2>\n<p>Im Sommer ein stark aufgeheizter Pkw, im Winter morgens ordentlich vereist \u2013 hier gibt es Abhilfe. Ein Carport ist praktisch und bietet dem Besitzer zahlreiche Vorteile.<\/p>\n<p>Im Wandel der vergangenen Jahrzehnte haben sich zahlreiche Bauherren gegen die im\/am Haus integrierte Garagen\u00e4sthetik entschieden \u2013 mehr und mehr ist ein Wechsel zu einem vergleichbar leicht wirkenden Carport als Unterstellm\u00f6glichkeit von Pkw und Co. festzustellen.<\/p>\n<p>Egal ob Bestands- oder Neubau \u2013 ein Carport erg\u00e4nzt das Objekt nach Kundenw\u00fcnschen, baulichen und statischen Vorgaben. Den M\u00f6glichkeiten sind (fast) keine Grenzen gesetzt.<\/p>\n<p>Sie suchen einen fachkundigen Partner mit kreativen Ideen \u2013 wir beraten Sie gern!<\/p>\n<p>\n<\/div><\/div><\/div><\/div>\n<div class=\"kc-elm kc-css-168877 divider_line\">\n\t<div class=\"divider_inner divider_line1\">\n\t\t\t<\/div>\n<\/div>\n<div id=\"vordaecher-hauseingaenge\" class=\"kc-elm kc-css-66475 kc_row kc_row_inner\"><div class=\"kc-elm kc-css-651096 kc_col-sm-12 kc_column_inner kc_col-sm-12 produkte-details\"><div class=\"kc_wrapper kc-col-inner-container\"><div class=\"kc-elm kc-css-194698 kc_text_block\"><\/p>\n<h2>Vord\u00e4cher | Hauseing\u00e4nge<\/h2>\n<p>Klassisch, modern, schlicht, funktionell, uni oder farbig, integriert, alleinstehend, materialvariabel, lichtdurchflutet oder blickdicht, bodenst\u00e4ndig oder abgehoben, verspielt oder puristisch, nur f\u00fcr mich selbst oder auch f\u00fcr den netten Brieftr\u00e4ger\u2026 \u2013 Ihren Ideen und Anspr\u00fcchen sind keine Grenzen gesetzt. Gemeinsam gestalten wir Ihren Gehbereich in das Geb\u00e4udeinnere.<\/p>\n<p>Wir sind f\u00fcr Sie vor Ort, rufen Sie uns an, wir sind gerne f\u00fcr Sie da!<\/p>\n<p>\n<\/div><\/div><\/div><\/div><\/div><\/div><\/div><\/div><\/section>\n","protected":false},"excerpt":{"rendered":"","protected":false},"author":1,"featured_media":0,"parent":783,"menu_order":60,"comment_status":"closed","ping_status":"closed","template":"","meta":{"footnotes":""},"_links":{"self":[{"href":"https:\/\/draude.de\/tischlerei\/wp-json\/wp\/v2\/pages\/847"}],"collection":[{"href":"https:\/\/draude.de\/tischlerei\/wp-json\/wp\/v2\/pages"}],"about":[{"href":"https:\/\/draude.de\/tischlerei\/wp-json\/wp\/v2\/types\/page"}],"author":[{"embeddable":true,"href":"https:\/\/draude.de\/tischlerei\/wp-json\/wp\/v2\/users\/1"}],"replies":[{"embeddable":true,"href":"https:\/\/draude.de\/tischlerei\/wp-json\/wp\/v2\/comments?post=847"}],"version-history":[{"count":4,"href":"https:\/\/draude.de\/tischlerei\/wp-json\/wp\/v2\/pages\/847\/revisions"}],"predecessor-version":[{"id":1617,"href":"https:\/\/draude.de\/tischlerei\/wp-json\/wp\/v2\/pages\/847\/revisions\/1617"}],"up":[{"embeddable":true,"href":"https:\/\/draude.de\/tischlerei\/wp-json\/wp\/v2\/pages\/783"}],"wp:attachment":[{"href":"https:\/\/draude.de\/tischlerei\/wp-json\/wp\/v2\/media?parent=847"}],"curies":[{"name":"wp","href":"https:\/\/api.w.org\/{rel}","templated":true}]}}